{"id":9004111222825348,"date":"2025-11-19T10:23:02","date_gmt":"2025-11-19T09:23:02","guid":{"rendered":"https:\/\/aboutwmf.com\/?post_type=wpdmpro&#038;p=9004111222825348"},"modified":"2025-11-19T10:25:27","modified_gmt":"2025-11-19T09:25:27","slug":"neuer-showroom-in-frankfurt-von-seb-professional-beverage-germany","status":"publish","type":"wpdmpro","link":"https:\/\/aboutwmf.com\/de\/download\/neuer-showroom-in-frankfurt-von-seb-professional-beverage-germany\/","title":{"rendered":"Neuer Showroom in Frankfurt von SEB Professional Beverage Germany"},"content":{"rendered":"<p><img fetchpriority=\"high\" decoding=\"async\" class=\"alignnone size-medium wp-image-9004111222825353\" src=\"https:\/\/aboutwmf.com\/wp-content\/uploads\/2025\/11\/SEB-Showroom-FFM-03-klein-200x300.jpg\" alt=\"\" width=\"200\" height=\"300\" srcset=\"https:\/\/aboutwmf.com\/wp-content\/uploads\/2025\/11\/SEB-Showroom-FFM-03-klein-200x300.jpg 200w, https:\/\/aboutwmf.com\/wp-content\/uploads\/2025\/11\/SEB-Showroom-FFM-03-klein-353x530.jpg 353w, https:\/\/aboutwmf.com\/wp-content\/uploads\/2025\/11\/SEB-Showroom-FFM-03-klein-210x315.jpg 210w, https:\/\/aboutwmf.com\/wp-content\/uploads\/2025\/11\/SEB-Showroom-FFM-03-klein.jpg 378w\" sizes=\"(max-width: 200px) 100vw, 200px\" \/><\/p>\n<p>SEB Professional Germany er\u00f6ffnet neuen Showroom f\u00fcr professionelle Kaffeemaschinen und Getr\u00e4nkel\u00f6sungen in Frankfurt. Von links nach rechts: Hansj\u00fcrg Marti, Gesch\u00e4ftsf\u00fchrer Schaerer Deutschland; Axel F\u00e4hnle, Head of Marketing Germany WMF Professional Coffee Machines; Bernd Anton, General Manager SEB Professional Germany; Pia Talhorst, Manager Trade Shows, Events &amp; Showrooms WMF Professional Coffee Machines.<\/p>\n<p><img decoding=\"async\" class=\"alignnone size-medium wp-image-9004111222825357\" src=\"https:\/\/aboutwmf.com\/wp-content\/uploads\/2025\/11\/SEB-Showroom-FFM-05-klein-300x200.jpg\" alt=\"\" width=\"300\" height=\"200\" srcset=\"https:\/\/aboutwmf.com\/wp-content\/uploads\/2025\/11\/SEB-Showroom-FFM-05-klein-300x200.jpg 300w, https:\/\/aboutwmf.com\/wp-content\/uploads\/2025\/11\/SEB-Showroom-FFM-05-klein-530x353.jpg 530w, https:\/\/aboutwmf.com\/wp-content\/uploads\/2025\/11\/SEB-Showroom-FFM-05-klein-420x280.jpg 420w, https:\/\/aboutwmf.com\/wp-content\/uploads\/2025\/11\/SEB-Showroom-FFM-05-klein-473x315.jpg 473w, https:\/\/aboutwmf.com\/wp-content\/uploads\/2025\/11\/SEB-Showroom-FFM-05-klein.jpg 591w\" sizes=\"(max-width: 300px) 100vw, 300px\" \/><\/p>\n<p><img decoding=\"async\" class=\"alignnone size-medium wp-image-9004111222825349\" src=\"https:\/\/aboutwmf.com\/wp-content\/uploads\/2025\/11\/SEB-Showroom-FFM-01-klein-300x200.jpg\" alt=\"\" width=\"300\" height=\"200\" srcset=\"https:\/\/aboutwmf.com\/wp-content\/uploads\/2025\/11\/SEB-Showroom-FFM-01-klein-300x200.jpg 300w, https:\/\/aboutwmf.com\/wp-content\/uploads\/2025\/11\/SEB-Showroom-FFM-01-klein-420x280.jpg 420w, https:\/\/aboutwmf.com\/wp-content\/uploads\/2025\/11\/SEB-Showroom-FFM-01-klein.jpg 472w\" sizes=\"(max-width: 300px) 100vw, 300px\" \/><\/p>\n<p><img loading=\"lazy\" decoding=\"async\" class=\"alignnone size-medium wp-image-9004111222825351\" src=\"https:\/\/aboutwmf.com\/wp-content\/uploads\/2025\/11\/SEB-Showroom-FFM-02-klein-300x200.jpg\" alt=\"\" width=\"300\" height=\"200\" srcset=\"https:\/\/aboutwmf.com\/wp-content\/uploads\/2025\/11\/SEB-Showroom-FFM-02-klein-300x200.jpg 300w, https:\/\/aboutwmf.com\/wp-content\/uploads\/2025\/11\/SEB-Showroom-FFM-02-klein-420x280.jpg 420w, https:\/\/aboutwmf.com\/wp-content\/uploads\/2025\/11\/SEB-Showroom-FFM-02-klein.jpg 472w\" sizes=\"(max-width: 300px) 100vw, 300px\" \/><\/p>\n<p><img loading=\"lazy\" decoding=\"async\" class=\"alignnone size-medium wp-image-9004111222825359\" src=\"https:\/\/aboutwmf.com\/wp-content\/uploads\/2025\/11\/SEB-Showroom-FFM-06-klein-200x300.jpg\" alt=\"\" width=\"200\" height=\"300\" srcset=\"https:\/\/aboutwmf.com\/wp-content\/uploads\/2025\/11\/SEB-Showroom-FFM-06-klein-200x300.jpg 200w, https:\/\/aboutwmf.com\/wp-content\/uploads\/2025\/11\/SEB-Showroom-FFM-06-klein-353x530.jpg 353w, https:\/\/aboutwmf.com\/wp-content\/uploads\/2025\/11\/SEB-Showroom-FFM-06-klein.jpg 472w, https:\/\/aboutwmf.com\/wp-content\/uploads\/2025\/11\/SEB-Showroom-FFM-06-klein-210x315.jpg 210w\" sizes=\"(max-width: 200px) 100vw, 200px\" \/><\/p>\n<p><img loading=\"lazy\" decoding=\"async\" class=\"alignnone size-medium wp-image-9004111222825355\" src=\"https:\/\/aboutwmf.com\/wp-content\/uploads\/2025\/11\/SEB-Showroom-FFM-04-klein-200x300.jpg\" alt=\"\" width=\"200\" height=\"300\" srcset=\"https:\/\/aboutwmf.com\/wp-content\/uploads\/2025\/11\/SEB-Showroom-FFM-04-klein-200x300.jpg 200w, https:\/\/aboutwmf.com\/wp-content\/uploads\/2025\/11\/SEB-Showroom-FFM-04-klein-353x530.jpg 353w, https:\/\/aboutwmf.com\/wp-content\/uploads\/2025\/11\/SEB-Showroom-FFM-04-klein-210x315.jpg 210w, https:\/\/aboutwmf.com\/wp-content\/uploads\/2025\/11\/SEB-Showroom-FFM-04-klein.jpg 378w\" sizes=\"(max-width: 200px) 100vw, 200px\" \/><\/p>\n","protected":false},"excerpt":{"rendered":"<p>SEB Professional Germany er\u00f6ffnet neuen Showroom f\u00fcr professionelle Kaffeemaschinen und Getr\u00e4nkel\u00f6sungen in Frankfurt. Von links nach rechts: Hansj\u00fcrg Marti, Gesch\u00e4ftsf\u00fchrer Schaerer Deutschland; Axel F\u00e4hnle, Head of Marketing Germany WMF Professional Coffee Machines; Bernd Anton, General Manager SEB Professional Germany; Pia Talhorst, Manager Trade Shows, Events &amp; Showrooms WMF Professional Coffee Machines.<\/p>\n","protected":false},"author":37,"featured_media":0,"template":"","meta":{"site-sidebar-layout":"default","site-content-layout":"","ast-site-content-layout":"default","site-content-style":"default","site-sidebar-style":"default","ast-global-header-display":"","ast-banner-title-visibility":"","ast-main-header-display":"","ast-hfb-above-header-display":"","ast-hfb-below-header-display":"","ast-hfb-mobile-header-display":"","site-post-title":"","ast-breadcrumbs-content":"","ast-featured-img":"","footer-sml-layout":"","ast-disable-related-posts":"","theme-transparent-header-meta":"default","adv-header-id-meta":"","stick-header-meta":"","header-above-stick-meta":"","header-main-stick-meta":"","header-below-stick-meta":"","astra-migrate-meta-layouts":"set","ast-page-background-enabled":"default","ast-page-background-meta":{"desktop":{"background-color":"var(--ast-global-color-4)","background-image":"","background-repeat":"repeat","background-position":"center center","background-size":"auto","background-attachment":"scroll","background-type":"","background-media":"","overlay-type":"","overlay-color":"","overlay-opacity":"","overlay-gradient":""},"tablet":{"background-color":"","background-image":"","background-repeat":"repeat","background-position":"center center","background-size":"auto","background-attachment":"scroll","background-type":"","background-media":"","overlay-type":"","overlay-color":"","overlay-opacity":"","overlay-gradient":""},"mobile":{"background-color":"","background-image":"","background-repeat":"repeat","background-position":"center center","background-size":"auto","background-attachment":"scroll","background-type":"","background-media":"","overlay-type":"","overlay-color":"","overlay-opacity":"","overlay-gradient":""}},"ast-content-background-meta":{"desktop":{"background-color":"var(--ast-global-color-5)","background-image":"","background-repeat":"repeat","background-position":"center center","background-size":"auto","background-attachment":"scroll","background-type":"","background-media":"","overlay-type":"","overlay-color":"","overlay-opacity":"","overlay-gradient":""},"tablet":{"background-color":"var(--ast-global-color-5)","background-image":"","background-repeat":"repeat","background-position":"center center","background-size":"auto","background-attachment":"scroll","background-type":"","background-media":"","overlay-type":"","overlay-color":"","overlay-opacity":"","overlay-gradient":""},"mobile":{"background-color":"var(--ast-global-color-5)","background-image":"","background-repeat":"repeat","background-position":"center center","background-size":"auto","background-attachment":"scroll","background-type":"","background-media":"","overlay-type":"","overlay-color":"","overlay-opacity":"","overlay-gradient":""}},"_themeisle_gutenberg_block_has_review":false,"__wpdm_changelog":[]},"wpdmcategory":[],"wpdmtag":[],"class_list":["post-9004111222825348","wpdmpro","type-wpdmpro","status-publish","hentry"],"yoast_head":"<!-- This site is optimized with the Yoast SEO plugin v27.3 - https:\/\/yoast.com\/product\/yoast-seo-wordpress\/ -->\n<title>Neuer Showroom in Frankfurt von SEB Professional Beverage Germany |<\/title>\n<meta name=\"robots\" content=\"index, follow, max-snippet:-1, max-image-preview:large, max-video-preview:-1\" \/>\n<link rel=\"canonical\" href=\"https:\/\/aboutwmf.com\/de\/download\/neuer-showroom-in-frankfurt-von-seb-professional-beverage-germany\/\" \/>\n<meta property=\"og:locale\" content=\"de_DE\" \/>\n<meta property=\"og:type\" content=\"article\" \/>\n<meta property=\"og:title\" content=\"Neuer Showroom in Frankfurt von SEB Professional Beverage Germany |\" \/>\n<meta property=\"og:description\" content=\"SEB Professional Germany er\u00f6ffnet neuen Showroom f\u00fcr professionelle Kaffeemaschinen und Getr\u00e4nkel\u00f6sungen in Frankfurt. Von links nach rechts: Hansj\u00fcrg Marti, Gesch\u00e4ftsf\u00fchrer Schaerer Deutschland; Axel F\u00e4hnle, Head of Marketing Germany WMF Professional Coffee Machines; Bernd Anton, General Manager SEB Professional Germany; Pia Talhorst, Manager Trade Shows, Events &amp; Showrooms WMF Professional Coffee Machines.\" \/>\n<meta property=\"og:url\" content=\"https:\/\/aboutwmf.com\/de\/download\/neuer-showroom-in-frankfurt-von-seb-professional-beverage-germany\/\" \/>\n<meta property=\"article:modified_time\" content=\"2025-11-19T09:25:27+00:00\" \/>\n<meta property=\"og:image\" content=\"https:\/\/aboutwmf.com\/wp-content\/uploads\/2025\/11\/SEB-Showroom-FFM-03-klein-200x300.jpg\" \/>\n<meta name=\"twitter:card\" content=\"summary_large_image\" \/>\n<script type=\"application\/ld+json\" class=\"yoast-schema-graph\">{\"@context\":\"https:\\\/\\\/schema.org\",\"@graph\":[{\"@type\":\"WebPage\",\"@id\":\"https:\\\/\\\/aboutwmf.com\\\/de\\\/download\\\/neuer-showroom-in-frankfurt-von-seb-professional-beverage-germany\\\/\",\"url\":\"https:\\\/\\\/aboutwmf.com\\\/de\\\/download\\\/neuer-showroom-in-frankfurt-von-seb-professional-beverage-germany\\\/\",\"name\":\"Neuer Showroom in Frankfurt von SEB Professional Beverage Germany |\",\"isPartOf\":{\"@id\":\"https:\\\/\\\/aboutwmf.com\\\/de\\\/#website\"},\"primaryImageOfPage\":{\"@id\":\"https:\\\/\\\/aboutwmf.com\\\/de\\\/download\\\/neuer-showroom-in-frankfurt-von-seb-professional-beverage-germany\\\/#primaryimage\"},\"image\":{\"@id\":\"https:\\\/\\\/aboutwmf.com\\\/de\\\/download\\\/neuer-showroom-in-frankfurt-von-seb-professional-beverage-germany\\\/#primaryimage\"},\"thumbnailUrl\":\"https:\\\/\\\/aboutwmf.com\\\/wp-content\\\/uploads\\\/2025\\\/11\\\/SEB-Showroom-FFM-03-klein-200x300.jpg\",\"datePublished\":\"2025-11-19T09:23:02+00:00\",\"dateModified\":\"2025-11-19T09:25:27+00:00\",\"breadcrumb\":{\"@id\":\"https:\\\/\\\/aboutwmf.com\\\/de\\\/download\\\/neuer-showroom-in-frankfurt-von-seb-professional-beverage-germany\\\/#breadcrumb\"},\"inLanguage\":\"de\",\"potentialAction\":[{\"@type\":\"ReadAction\",\"target\":[\"https:\\\/\\\/aboutwmf.com\\\/de\\\/download\\\/neuer-showroom-in-frankfurt-von-seb-professional-beverage-germany\\\/\"]}]},{\"@type\":\"ImageObject\",\"inLanguage\":\"de\",\"@id\":\"https:\\\/\\\/aboutwmf.com\\\/de\\\/download\\\/neuer-showroom-in-frankfurt-von-seb-professional-beverage-germany\\\/#primaryimage\",\"url\":\"https:\\\/\\\/aboutwmf.com\\\/wp-content\\\/uploads\\\/2025\\\/11\\\/SEB-Showroom-FFM-03-klein-200x300.jpg\",\"contentUrl\":\"https:\\\/\\\/aboutwmf.com\\\/wp-content\\\/uploads\\\/2025\\\/11\\\/SEB-Showroom-FFM-03-klein-200x300.jpg\"},{\"@type\":\"BreadcrumbList\",\"@id\":\"https:\\\/\\\/aboutwmf.com\\\/de\\\/download\\\/neuer-showroom-in-frankfurt-von-seb-professional-beverage-germany\\\/#breadcrumb\",\"itemListElement\":[{\"@type\":\"ListItem\",\"position\":1,\"name\":\"Startseite\",\"item\":\"https:\\\/\\\/aboutwmf.com\\\/de\\\/\"},{\"@type\":\"ListItem\",\"position\":2,\"name\":\"Neuer Showroom in Frankfurt von SEB Professional Beverage Germany\"}]},{\"@type\":\"WebSite\",\"@id\":\"https:\\\/\\\/aboutwmf.com\\\/de\\\/#website\",\"url\":\"https:\\\/\\\/aboutwmf.com\\\/de\\\/\",\"name\":\"WMF\",\"description\":\"\",\"publisher\":{\"@id\":\"https:\\\/\\\/aboutwmf.com\\\/de\\\/#organization\"},\"potentialAction\":[{\"@type\":\"SearchAction\",\"target\":{\"@type\":\"EntryPoint\",\"urlTemplate\":\"https:\\\/\\\/aboutwmf.com\\\/de\\\/?s={search_term_string}\"},\"query-input\":{\"@type\":\"PropertyValueSpecification\",\"valueRequired\":true,\"valueName\":\"search_term_string\"}}],\"inLanguage\":\"de\"},{\"@type\":\"Organization\",\"@id\":\"https:\\\/\\\/aboutwmf.com\\\/de\\\/#organization\",\"name\":\"WMF GmbH\",\"url\":\"https:\\\/\\\/aboutwmf.com\\\/de\\\/\",\"logo\":{\"@type\":\"ImageObject\",\"inLanguage\":\"de\",\"@id\":\"https:\\\/\\\/aboutwmf.com\\\/de\\\/#\\\/schema\\\/logo\\\/image\\\/\",\"url\":\"https:\\\/\\\/aboutwmf.com\\\/wp-content\\\/uploads\\\/2021\\\/07\\\/Logo_Black.svg\",\"contentUrl\":\"https:\\\/\\\/aboutwmf.com\\\/wp-content\\\/uploads\\\/2021\\\/07\\\/Logo_Black.svg\",\"width\":165,\"height\":51,\"caption\":\"WMF GmbH\"},\"image\":{\"@id\":\"https:\\\/\\\/aboutwmf.com\\\/de\\\/#\\\/schema\\\/logo\\\/image\\\/\"}}]}<\/script>\n<!-- \/ Yoast SEO plugin. -->","yoast_head_json":{"title":"Neuer Showroom in Frankfurt von SEB Professional Beverage Germany |","robots":{"index":"index","follow":"follow","max-snippet":"max-snippet:-1","max-image-preview":"max-image-preview:large","max-video-preview":"max-video-preview:-1"},"canonical":"https:\/\/aboutwmf.com\/de\/download\/neuer-showroom-in-frankfurt-von-seb-professional-beverage-germany\/","og_locale":"de_DE","og_type":"article","og_title":"Neuer Showroom in Frankfurt von SEB Professional Beverage Germany |","og_description":"SEB Professional Germany er\u00f6ffnet neuen Showroom f\u00fcr professionelle Kaffeemaschinen und Getr\u00e4nkel\u00f6sungen in Frankfurt. Von links nach rechts: Hansj\u00fcrg Marti, Gesch\u00e4ftsf\u00fchrer Schaerer Deutschland; Axel F\u00e4hnle, Head of Marketing Germany WMF Professional Coffee Machines; Bernd Anton, General Manager SEB Professional Germany; Pia Talhorst, Manager Trade Shows, Events &amp; Showrooms WMF Professional Coffee Machines.","og_url":"https:\/\/aboutwmf.com\/de\/download\/neuer-showroom-in-frankfurt-von-seb-professional-beverage-germany\/","article_modified_time":"2025-11-19T09:25:27+00:00","og_image":[{"url":"https:\/\/aboutwmf.com\/wp-content\/uploads\/2025\/11\/SEB-Showroom-FFM-03-klein-200x300.jpg","type":"","width":"","height":""}],"twitter_card":"summary_large_image","schema":{"@context":"https:\/\/schema.org","@graph":[{"@type":"WebPage","@id":"https:\/\/aboutwmf.com\/de\/download\/neuer-showroom-in-frankfurt-von-seb-professional-beverage-germany\/","url":"https:\/\/aboutwmf.com\/de\/download\/neuer-showroom-in-frankfurt-von-seb-professional-beverage-germany\/","name":"Neuer Showroom in Frankfurt von SEB Professional Beverage Germany |","isPartOf":{"@id":"https:\/\/aboutwmf.com\/de\/#website"},"primaryImageOfPage":{"@id":"https:\/\/aboutwmf.com\/de\/download\/neuer-showroom-in-frankfurt-von-seb-professional-beverage-germany\/#primaryimage"},"image":{"@id":"https:\/\/aboutwmf.com\/de\/download\/neuer-showroom-in-frankfurt-von-seb-professional-beverage-germany\/#primaryimage"},"thumbnailUrl":"https:\/\/aboutwmf.com\/wp-content\/uploads\/2025\/11\/SEB-Showroom-FFM-03-klein-200x300.jpg","datePublished":"2025-11-19T09:23:02+00:00","dateModified":"2025-11-19T09:25:27+00:00","breadcrumb":{"@id":"https:\/\/aboutwmf.com\/de\/download\/neuer-showroom-in-frankfurt-von-seb-professional-beverage-germany\/#breadcrumb"},"inLanguage":"de","potentialAction":[{"@type":"ReadAction","target":["https:\/\/aboutwmf.com\/de\/download\/neuer-showroom-in-frankfurt-von-seb-professional-beverage-germany\/"]}]},{"@type":"ImageObject","inLanguage":"de","@id":"https:\/\/aboutwmf.com\/de\/download\/neuer-showroom-in-frankfurt-von-seb-professional-beverage-germany\/#primaryimage","url":"https:\/\/aboutwmf.com\/wp-content\/uploads\/2025\/11\/SEB-Showroom-FFM-03-klein-200x300.jpg","contentUrl":"https:\/\/aboutwmf.com\/wp-content\/uploads\/2025\/11\/SEB-Showroom-FFM-03-klein-200x300.jpg"},{"@type":"BreadcrumbList","@id":"https:\/\/aboutwmf.com\/de\/download\/neuer-showroom-in-frankfurt-von-seb-professional-beverage-germany\/#breadcrumb","itemListElement":[{"@type":"ListItem","position":1,"name":"Startseite","item":"https:\/\/aboutwmf.com\/de\/"},{"@type":"ListItem","position":2,"name":"Neuer Showroom in Frankfurt von SEB Professional Beverage Germany"}]},{"@type":"WebSite","@id":"https:\/\/aboutwmf.com\/de\/#website","url":"https:\/\/aboutwmf.com\/de\/","name":"WMF","description":"","publisher":{"@id":"https:\/\/aboutwmf.com\/de\/#organization"},"potentialAction":[{"@type":"SearchAction","target":{"@type":"EntryPoint","urlTemplate":"https:\/\/aboutwmf.com\/de\/?s={search_term_string}"},"query-input":{"@type":"PropertyValueSpecification","valueRequired":true,"valueName":"search_term_string"}}],"inLanguage":"de"},{"@type":"Organization","@id":"https:\/\/aboutwmf.com\/de\/#organization","name":"WMF GmbH","url":"https:\/\/aboutwmf.com\/de\/","logo":{"@type":"ImageObject","inLanguage":"de","@id":"https:\/\/aboutwmf.com\/de\/#\/schema\/logo\/image\/","url":"https:\/\/aboutwmf.com\/wp-content\/uploads\/2021\/07\/Logo_Black.svg","contentUrl":"https:\/\/aboutwmf.com\/wp-content\/uploads\/2021\/07\/Logo_Black.svg","width":165,"height":51,"caption":"WMF GmbH"},"image":{"@id":"https:\/\/aboutwmf.com\/de\/#\/schema\/logo\/image\/"}}]}},"_links":{"self":[{"href":"https:\/\/aboutwmf.com\/de\/wp-json\/wp\/v2\/wpdmpro\/9004111222825348","targetHints":{"allow":["GET"]}}],"collection":[{"href":"https:\/\/aboutwmf.com\/de\/wp-json\/wp\/v2\/wpdmpro"}],"about":[{"href":"https:\/\/aboutwmf.com\/de\/wp-json\/wp\/v2\/types\/wpdmpro"}],"author":[{"embeddable":true,"href":"https:\/\/aboutwmf.com\/de\/wp-json\/wp\/v2\/users\/37"}],"wp:attachment":[{"href":"https:\/\/aboutwmf.com\/de\/wp-json\/wp\/v2\/media?parent=9004111222825348"}],"wp:term":[{"taxonomy":"wpdmcategory","embeddable":true,"href":"https:\/\/aboutwmf.com\/de\/wp-json\/wp\/v2\/wpdmcategory?post=9004111222825348"},{"taxonomy":"wpdmtag","embeddable":true,"href":"https:\/\/aboutwmf.com\/de\/wp-json\/wp\/v2\/wpdmtag?post=9004111222825348"}],"curies":[{"name":"wp","href":"https:\/\/api.w.org\/{rel}","templated":true}]}}